{"id":1326,"date":"2017-01-21T18:22:52","date_gmt":"2017-01-21T17:22:52","guid":{"rendered":"https:\/\/pes-alpesdehauteprovence.fr\/barcelonnette\/?post_type=avada_faq&#038;p=1326"},"modified":"2017-01-21T18:23:14","modified_gmt":"2017-01-21T17:23:14","slug":"a-partir-de-quel-age-puis-je-consulter-un-osteopathe","status":"publish","type":"avada_faq","link":"https:\/\/pes-alpesdehauteprovence.fr\/barcelonnette\/avada_faq\/a-partir-de-quel-age-puis-je-consulter-un-osteopathe\/","title":{"rendered":"A partir de quel \u00e2ge puis je consulter un Ost\u00e9opathe ?"},"content":{"rendered":"<p style=\"text-align: justify;\">Il peut \u00eatre int\u00e9ressant de consulter d\u00e8s la premi\u00e8re semaine de vie. En effet, l\u2019accouchement peut se r\u00e9v\u00e9ler \u00eatre le premier traumatisme du nourrisson. Par exemple, l\u2019utilisation de ventouses, spatules ou forceps, lors d\u2019un travail difficile peut avoir un impact sur le fonctionnement des structures cr\u00e2niennes pouvant \u00eatre caract\u00e9ris\u00e9 par des d\u00e9formations cr\u00e2niennes, un nez un peu \u00e9cras\u00e9, un oeil plus haut que l\u2019autre\u2026<\/p>\n<p style=\"text-align: justify;\">Les nourrissons peuvent aussi, d\u00e8s la naissance, subir des troubles digestifs, des troubles du sommeil ou des torticolis cong\u00e9nitaux, li\u00e9s \u00e0 une grossesse ou \u00e0 un accouchement difficile. Autant de probl\u00e8mes pouvant \u00eatre am\u00e9lior\u00e9s par la pr\u00e9cocit\u00e9 des s\u00e9ances ost\u00e9opathiques.<\/p>\n","protected":false},"excerpt":{"rendered":"<p>Il peut \u00eatre int\u00e9ressant de consulter d\u00e8s la premi\u00e8re semaine de vie. En effet, l\u2019accouchement peut se r\u00e9v\u00e9ler \u00eatre le premier traumatisme du nourrisson. Par exemple, l\u2019utilisation de ventouses, spatules ou forceps, lors d\u2019un travail difficile peut avoir un impact sur le fonctionnement des structures cr\u00e2niennes pouvant \u00eatre caract\u00e9ris\u00e9 par des d\u00e9formations cr\u00e2niennes, un nez [&hellip;]<\/p>\n","protected":false},"author":1,"featured_media":0,"menu_order":0,"comment_status":"open","ping_status":"closed","template":"","format":"standard","meta":[],"faq_category":[],"yoast_head":"<!-- This site is optimized with the Yoast SEO plugin v23.5 - https:\/\/yoast.com\/wordpress\/plugins\/seo\/ -->\n<title>A partir de quel \u00e2ge puis je consulter un Ost\u00e9opathe ? - P\u00f4le Equilibre&amp;Sant\u00e9 de Barcelonnette<\/title>\n<meta name=\"robots\" content=\"index, follow, max-snippet:-1, max-image-preview:large, max-video-preview:-1\" \/>\n<link rel=\"canonical\" href=\"https:\/\/pes-alpesdehauteprovence.fr\/barcelonnette\/avada_faq\/a-partir-de-quel-age-puis-je-consulter-un-osteopathe\/\" \/>\n<meta property=\"og:locale\" content=\"fr_FR\" \/>\n<meta property=\"og:type\" content=\"article\" \/>\n<meta property=\"og:title\" content=\"A partir de quel \u00e2ge puis je consulter un Ost\u00e9opathe ? - P\u00f4le Equilibre&amp;Sant\u00e9 de Barcelonnette\" \/>\n<meta property=\"og:description\" content=\"Il peut \u00eatre int\u00e9ressant de consulter d\u00e8s la premi\u00e8re semaine de vie. En effet, l\u2019accouchement peut se r\u00e9v\u00e9ler \u00eatre le premier traumatisme du nourrisson. Par exemple, l\u2019utilisation de ventouses, spatules ou forceps, lors d\u2019un travail difficile peut avoir un impact sur le fonctionnement des structures cr\u00e2niennes pouvant \u00eatre caract\u00e9ris\u00e9 par des d\u00e9formations cr\u00e2niennes, un nez [&hellip;]\" \/>\n<meta property=\"og:url\" content=\"https:\/\/pes-alpesdehauteprovence.fr\/barcelonnette\/avada_faq\/a-partir-de-quel-age-puis-je-consulter-un-osteopathe\/\" \/>\n<meta property=\"og:site_name\" content=\"P\u00f4le Equilibre&amp;Sant\u00e9 de Barcelonnette\" \/>\n<meta property=\"article:modified_time\" content=\"2017-01-21T17:23:14+00:00\" \/>\n<meta name=\"twitter:card\" content=\"summary_large_image\" \/>\n<meta name=\"twitter:label1\" content=\"Dur\u00e9e de lecture estim\u00e9e\" \/>\n\t<meta name=\"twitter:data1\" content=\"1 minute\" \/>\n<script type=\"application\/ld+json\" class=\"yoast-schema-graph\">{\"@context\":\"https:\/\/schema.org\",\"@graph\":[{\"@type\":\"WebPage\",\"@id\":\"https:\/\/pes-alpesdehauteprovence.fr\/barcelonnette\/avada_faq\/a-partir-de-quel-age-puis-je-consulter-un-osteopathe\/\",\"url\":\"https:\/\/pes-alpesdehauteprovence.fr\/barcelonnette\/avada_faq\/a-partir-de-quel-age-puis-je-consulter-un-osteopathe\/\",\"name\":\"A partir de quel \u00e2ge puis je consulter un Ost\u00e9opathe ? - P\u00f4le Equilibre&amp;Sant\u00e9 de Barcelonnette\",\"isPartOf\":{\"@id\":\"https:\/\/pes-alpesdehauteprovence.fr\/barcelonnette\/#website\"},\"datePublished\":\"2017-01-21T17:22:52+00:00\",\"dateModified\":\"2017-01-21T17:23:14+00:00\",\"breadcrumb\":{\"@id\":\"https:\/\/pes-alpesdehauteprovence.fr\/barcelonnette\/avada_faq\/a-partir-de-quel-age-puis-je-consulter-un-osteopathe\/#breadcrumb\"},\"inLanguage\":\"fr-FR\",\"potentialAction\":[{\"@type\":\"ReadAction\",\"target\":[\"https:\/\/pes-alpesdehauteprovence.fr\/barcelonnette\/avada_faq\/a-partir-de-quel-age-puis-je-consulter-un-osteopathe\/\"]}]},{\"@type\":\"BreadcrumbList\",\"@id\":\"https:\/\/pes-alpesdehauteprovence.fr\/barcelonnette\/avada_faq\/a-partir-de-quel-age-puis-je-consulter-un-osteopathe\/#breadcrumb\",\"itemListElement\":[{\"@type\":\"ListItem\",\"position\":1,\"name\":\"Accueil\",\"item\":\"https:\/\/pes-alpesdehauteprovence.fr\/barcelonnette\/\"},{\"@type\":\"ListItem\",\"position\":2,\"name\":\"F.A.Q.\",\"item\":\"https:\/\/pes-alpesdehauteprovence.fr\/barcelonnette\/avada_faq\/\"},{\"@type\":\"ListItem\",\"position\":3,\"name\":\"A partir de quel \u00e2ge puis je consulter un Ost\u00e9opathe ?\"}]},{\"@type\":\"WebSite\",\"@id\":\"https:\/\/pes-alpesdehauteprovence.fr\/barcelonnette\/#website\",\"url\":\"https:\/\/pes-alpesdehauteprovence.fr\/barcelonnette\/\",\"name\":\"P\u00f4le Equilibre&amp;Sant\u00e9 de Barcelonnette\",\"description\":\"\",\"potentialAction\":[{\"@type\":\"SearchAction\",\"target\":{\"@type\":\"EntryPoint\",\"urlTemplate\":\"https:\/\/pes-alpesdehauteprovence.fr\/barcelonnette\/?s={search_term_string}\"},\"query-input\":{\"@type\":\"PropertyValueSpecification\",\"valueRequired\":true,\"valueName\":\"search_term_string\"}}],\"inLanguage\":\"fr-FR\"}]}<\/script>\n<!-- \/ Yoast SEO plugin. -->","yoast_head_json":{"title":"A partir de quel \u00e2ge puis je consulter un Ost\u00e9opathe ? - P\u00f4le Equilibre&amp;Sant\u00e9 de Barcelonnette","robots":{"index":"index","follow":"follow","max-snippet":"max-snippet:-1","max-image-preview":"max-image-preview:large","max-video-preview":"max-video-preview:-1"},"canonical":"https:\/\/pes-alpesdehauteprovence.fr\/barcelonnette\/avada_faq\/a-partir-de-quel-age-puis-je-consulter-un-osteopathe\/","og_locale":"fr_FR","og_type":"article","og_title":"A partir de quel \u00e2ge puis je consulter un Ost\u00e9opathe ? - P\u00f4le Equilibre&amp;Sant\u00e9 de Barcelonnette","og_description":"Il peut \u00eatre int\u00e9ressant de consulter d\u00e8s la premi\u00e8re semaine de vie. En effet, l\u2019accouchement peut se r\u00e9v\u00e9ler \u00eatre le premier traumatisme du nourrisson. Par exemple, l\u2019utilisation de ventouses, spatules ou forceps, lors d\u2019un travail difficile peut avoir un impact sur le fonctionnement des structures cr\u00e2niennes pouvant \u00eatre caract\u00e9ris\u00e9 par des d\u00e9formations cr\u00e2niennes, un nez [&hellip;]","og_url":"https:\/\/pes-alpesdehauteprovence.fr\/barcelonnette\/avada_faq\/a-partir-de-quel-age-puis-je-consulter-un-osteopathe\/","og_site_name":"P\u00f4le Equilibre&amp;Sant\u00e9 de Barcelonnette","article_modified_time":"2017-01-21T17:23:14+00:00","twitter_card":"summary_large_image","twitter_misc":{"Dur\u00e9e de lecture estim\u00e9e":"1 minute"},"schema":{"@context":"https:\/\/schema.org","@graph":[{"@type":"WebPage","@id":"https:\/\/pes-alpesdehauteprovence.fr\/barcelonnette\/avada_faq\/a-partir-de-quel-age-puis-je-consulter-un-osteopathe\/","url":"https:\/\/pes-alpesdehauteprovence.fr\/barcelonnette\/avada_faq\/a-partir-de-quel-age-puis-je-consulter-un-osteopathe\/","name":"A partir de quel \u00e2ge puis je consulter un Ost\u00e9opathe ? - P\u00f4le Equilibre&amp;Sant\u00e9 de Barcelonnette","isPartOf":{"@id":"https:\/\/pes-alpesdehauteprovence.fr\/barcelonnette\/#website"},"datePublished":"2017-01-21T17:22:52+00:00","dateModified":"2017-01-21T17:23:14+00:00","breadcrumb":{"@id":"https:\/\/pes-alpesdehauteprovence.fr\/barcelonnette\/avada_faq\/a-partir-de-quel-age-puis-je-consulter-un-osteopathe\/#breadcrumb"},"inLanguage":"fr-FR","potentialAction":[{"@type":"ReadAction","target":["https:\/\/pes-alpesdehauteprovence.fr\/barcelonnette\/avada_faq\/a-partir-de-quel-age-puis-je-consulter-un-osteopathe\/"]}]},{"@type":"BreadcrumbList","@id":"https:\/\/pes-alpesdehauteprovence.fr\/barcelonnette\/avada_faq\/a-partir-de-quel-age-puis-je-consulter-un-osteopathe\/#breadcrumb","itemListElement":[{"@type":"ListItem","position":1,"name":"Accueil","item":"https:\/\/pes-alpesdehauteprovence.fr\/barcelonnette\/"},{"@type":"ListItem","position":2,"name":"F.A.Q.","item":"https:\/\/pes-alpesdehauteprovence.fr\/barcelonnette\/avada_faq\/"},{"@type":"ListItem","position":3,"name":"A partir de quel \u00e2ge puis je consulter un Ost\u00e9opathe ?"}]},{"@type":"WebSite","@id":"https:\/\/pes-alpesdehauteprovence.fr\/barcelonnette\/#website","url":"https:\/\/pes-alpesdehauteprovence.fr\/barcelonnette\/","name":"P\u00f4le Equilibre&amp;Sant\u00e9 de Barcelonnette","description":"","potentialAction":[{"@type":"SearchAction","target":{"@type":"EntryPoint","urlTemplate":"https:\/\/pes-alpesdehauteprovence.fr\/barcelonnette\/?s={search_term_string}"},"query-input":{"@type":"PropertyValueSpecification","valueRequired":true,"valueName":"search_term_string"}}],"inLanguage":"fr-FR"}]}},"_links":{"self":[{"href":"https:\/\/pes-alpesdehauteprovence.fr\/barcelonnette\/wp-json\/wp\/v2\/avada_faq\/1326"}],"collection":[{"href":"https:\/\/pes-alpesdehauteprovence.fr\/barcelonnette\/wp-json\/wp\/v2\/avada_faq"}],"about":[{"href":"https:\/\/pes-alpesdehauteprovence.fr\/barcelonnette\/wp-json\/wp\/v2\/types\/avada_faq"}],"author":[{"embeddable":true,"href":"https:\/\/pes-alpesdehauteprovence.fr\/barcelonnette\/wp-json\/wp\/v2\/users\/1"}],"replies":[{"embeddable":true,"href":"https:\/\/pes-alpesdehauteprovence.fr\/barcelonnette\/wp-json\/wp\/v2\/comments?post=1326"}],"version-history":[{"count":2,"href":"https:\/\/pes-alpesdehauteprovence.fr\/barcelonnette\/wp-json\/wp\/v2\/avada_faq\/1326\/revisions"}],"predecessor-version":[{"id":1328,"href":"https:\/\/pes-alpesdehauteprovence.fr\/barcelonnette\/wp-json\/wp\/v2\/avada_faq\/1326\/revisions\/1328"}],"wp:attachment":[{"href":"https:\/\/pes-alpesdehauteprovence.fr\/barcelonnette\/wp-json\/wp\/v2\/media?parent=1326"}],"wp:term":[{"taxonomy":"faq_category","embeddable":true,"href":"https:\/\/pes-alpesdehauteprovence.fr\/barcelonnette\/wp-json\/wp\/v2\/faq_category?post=1326"}],"curies":[{"name":"wp","href":"https:\/\/api.w.org\/{rel}","templated":true}]}}