{"id":1320,"date":"2017-01-21T18:21:26","date_gmt":"2017-01-21T17:21:26","guid":{"rendered":"https:\/\/pes-alpesdehauteprovence.fr\/barcelonnette\/?post_type=avada_faq&#038;p=1320"},"modified":"2017-01-21T18:21:26","modified_gmt":"2017-01-21T17:21:26","slug":"a-quelles-reactions-puis-je-mattendre-apres-un-traitement-osteopathique","status":"publish","type":"avada_faq","link":"https:\/\/pes-alpesdehauteprovence.fr\/barcelonnette\/avada_faq\/a-quelles-reactions-puis-je-mattendre-apres-un-traitement-osteopathique\/","title":{"rendered":"A quelles r\u00e9actions puis je m\u2019attendre apr\u00e8s un traitement Ost\u00e9opathique ?"},"content":{"rendered":"<p style=\"text-align: justify;\">Le fait d\u2019agir sur l\u2019ensemble de votre corps peut cr\u00e9er des r\u00e9actions qui peuvent se faire sentir dans les 24 \u00e072 heures suivant une s\u00e9ance. Ces r\u00e9actions, normales et n\u00e9cessaires se caract\u00e9risent le plus souvent par de la fatigue, des courbatures, l\u2019impression de se sentir \u00abl\u00e9ger\u00bb, une sensation de bien-\u00eatre\u2026<\/p>\n<p style=\"text-align: justify;\">Ces manifestations traduisent le plus souvent l\u2019adaptation de votre corps aux diff\u00e9rentes corrections que l\u2019ost\u00e9opathe \u00e0 mis en oeuvre.<\/p>\n<p style=\"text-align: justify;\">Apr\u00e8s une s\u00e9ance, ll est conseill\u00e9 d\u2019\u00e9viter le sport, le port de charges lourdes\u2026Pour que votre corps s\u2019adapte dans des conditions optimales \u00e0 la s\u00e9ance pr\u00e9c\u00e9demment r\u00e9alis\u00e9e.<\/p>\n","protected":false},"excerpt":{"rendered":"<p>Le fait d\u2019agir sur l\u2019ensemble de votre corps peut cr\u00e9er des r\u00e9actions qui peuvent se faire sentir dans les 24 \u00e072 heures suivant une s\u00e9ance. Ces r\u00e9actions, normales et n\u00e9cessaires se caract\u00e9risent le plus souvent par de la fatigue, des courbatures, l\u2019impression de se sentir \u00abl\u00e9ger\u00bb, une sensation de bien-\u00eatre\u2026 Ces manifestations traduisent le plus [&hellip;]<\/p>\n","protected":false},"author":1,"featured_media":0,"menu_order":0,"comment_status":"open","ping_status":"closed","template":"","format":"standard","meta":[],"faq_category":[],"yoast_head":"<!-- This site is optimized with the Yoast SEO plugin v23.5 - https:\/\/yoast.com\/wordpress\/plugins\/seo\/ -->\n<title>A quelles r\u00e9actions puis je m\u2019attendre apr\u00e8s un traitement Ost\u00e9opathique ? - P\u00f4le Equilibre&amp;Sant\u00e9 de Barcelonnette<\/title>\n<meta name=\"robots\" content=\"index, follow, max-snippet:-1, max-image-preview:large, max-video-preview:-1\" \/>\n<link rel=\"canonical\" href=\"https:\/\/pes-alpesdehauteprovence.fr\/barcelonnette\/avada_faq\/a-quelles-reactions-puis-je-mattendre-apres-un-traitement-osteopathique\/\" \/>\n<meta property=\"og:locale\" content=\"fr_FR\" \/>\n<meta property=\"og:type\" content=\"article\" \/>\n<meta property=\"og:title\" content=\"A quelles r\u00e9actions puis je m\u2019attendre apr\u00e8s un traitement Ost\u00e9opathique ? - P\u00f4le Equilibre&amp;Sant\u00e9 de Barcelonnette\" \/>\n<meta property=\"og:description\" content=\"Le fait d\u2019agir sur l\u2019ensemble de votre corps peut cr\u00e9er des r\u00e9actions qui peuvent se faire sentir dans les 24 \u00e072 heures suivant une s\u00e9ance. Ces r\u00e9actions, normales et n\u00e9cessaires se caract\u00e9risent le plus souvent par de la fatigue, des courbatures, l\u2019impression de se sentir \u00abl\u00e9ger\u00bb, une sensation de bien-\u00eatre\u2026 Ces manifestations traduisent le plus [&hellip;]\" \/>\n<meta property=\"og:url\" content=\"https:\/\/pes-alpesdehauteprovence.fr\/barcelonnette\/avada_faq\/a-quelles-reactions-puis-je-mattendre-apres-un-traitement-osteopathique\/\" \/>\n<meta property=\"og:site_name\" content=\"P\u00f4le Equilibre&amp;Sant\u00e9 de Barcelonnette\" \/>\n<meta name=\"twitter:card\" content=\"summary_large_image\" \/>\n<meta name=\"twitter:label1\" content=\"Dur\u00e9e de lecture estim\u00e9e\" \/>\n\t<meta name=\"twitter:data1\" content=\"1 minute\" \/>\n<script type=\"application\/ld+json\" class=\"yoast-schema-graph\">{\"@context\":\"https:\/\/schema.org\",\"@graph\":[{\"@type\":\"WebPage\",\"@id\":\"https:\/\/pes-alpesdehauteprovence.fr\/barcelonnette\/avada_faq\/a-quelles-reactions-puis-je-mattendre-apres-un-traitement-osteopathique\/\",\"url\":\"https:\/\/pes-alpesdehauteprovence.fr\/barcelonnette\/avada_faq\/a-quelles-reactions-puis-je-mattendre-apres-un-traitement-osteopathique\/\",\"name\":\"A quelles r\u00e9actions puis je m\u2019attendre apr\u00e8s un traitement Ost\u00e9opathique ? - P\u00f4le Equilibre&amp;Sant\u00e9 de Barcelonnette\",\"isPartOf\":{\"@id\":\"https:\/\/pes-alpesdehauteprovence.fr\/barcelonnette\/#website\"},\"datePublished\":\"2017-01-21T17:21:26+00:00\",\"dateModified\":\"2017-01-21T17:21:26+00:00\",\"breadcrumb\":{\"@id\":\"https:\/\/pes-alpesdehauteprovence.fr\/barcelonnette\/avada_faq\/a-quelles-reactions-puis-je-mattendre-apres-un-traitement-osteopathique\/#breadcrumb\"},\"inLanguage\":\"fr-FR\",\"potentialAction\":[{\"@type\":\"ReadAction\",\"target\":[\"https:\/\/pes-alpesdehauteprovence.fr\/barcelonnette\/avada_faq\/a-quelles-reactions-puis-je-mattendre-apres-un-traitement-osteopathique\/\"]}]},{\"@type\":\"BreadcrumbList\",\"@id\":\"https:\/\/pes-alpesdehauteprovence.fr\/barcelonnette\/avada_faq\/a-quelles-reactions-puis-je-mattendre-apres-un-traitement-osteopathique\/#breadcrumb\",\"itemListElement\":[{\"@type\":\"ListItem\",\"position\":1,\"name\":\"Accueil\",\"item\":\"https:\/\/pes-alpesdehauteprovence.fr\/barcelonnette\/\"},{\"@type\":\"ListItem\",\"position\":2,\"name\":\"F.A.Q.\",\"item\":\"https:\/\/pes-alpesdehauteprovence.fr\/barcelonnette\/avada_faq\/\"},{\"@type\":\"ListItem\",\"position\":3,\"name\":\"A quelles r\u00e9actions puis je m\u2019attendre apr\u00e8s un traitement Ost\u00e9opathique ?\"}]},{\"@type\":\"WebSite\",\"@id\":\"https:\/\/pes-alpesdehauteprovence.fr\/barcelonnette\/#website\",\"url\":\"https:\/\/pes-alpesdehauteprovence.fr\/barcelonnette\/\",\"name\":\"P\u00f4le Equilibre&amp;Sant\u00e9 de Barcelonnette\",\"description\":\"\",\"potentialAction\":[{\"@type\":\"SearchAction\",\"target\":{\"@type\":\"EntryPoint\",\"urlTemplate\":\"https:\/\/pes-alpesdehauteprovence.fr\/barcelonnette\/?s={search_term_string}\"},\"query-input\":{\"@type\":\"PropertyValueSpecification\",\"valueRequired\":true,\"valueName\":\"search_term_string\"}}],\"inLanguage\":\"fr-FR\"}]}<\/script>\n<!-- \/ Yoast SEO plugin. -->","yoast_head_json":{"title":"A quelles r\u00e9actions puis je m\u2019attendre apr\u00e8s un traitement Ost\u00e9opathique ? - P\u00f4le Equilibre&amp;Sant\u00e9 de Barcelonnette","robots":{"index":"index","follow":"follow","max-snippet":"max-snippet:-1","max-image-preview":"max-image-preview:large","max-video-preview":"max-video-preview:-1"},"canonical":"https:\/\/pes-alpesdehauteprovence.fr\/barcelonnette\/avada_faq\/a-quelles-reactions-puis-je-mattendre-apres-un-traitement-osteopathique\/","og_locale":"fr_FR","og_type":"article","og_title":"A quelles r\u00e9actions puis je m\u2019attendre apr\u00e8s un traitement Ost\u00e9opathique ? - P\u00f4le Equilibre&amp;Sant\u00e9 de Barcelonnette","og_description":"Le fait d\u2019agir sur l\u2019ensemble de votre corps peut cr\u00e9er des r\u00e9actions qui peuvent se faire sentir dans les 24 \u00e072 heures suivant une s\u00e9ance. Ces r\u00e9actions, normales et n\u00e9cessaires se caract\u00e9risent le plus souvent par de la fatigue, des courbatures, l\u2019impression de se sentir \u00abl\u00e9ger\u00bb, une sensation de bien-\u00eatre\u2026 Ces manifestations traduisent le plus [&hellip;]","og_url":"https:\/\/pes-alpesdehauteprovence.fr\/barcelonnette\/avada_faq\/a-quelles-reactions-puis-je-mattendre-apres-un-traitement-osteopathique\/","og_site_name":"P\u00f4le Equilibre&amp;Sant\u00e9 de Barcelonnette","twitter_card":"summary_large_image","twitter_misc":{"Dur\u00e9e de lecture estim\u00e9e":"1 minute"},"schema":{"@context":"https:\/\/schema.org","@graph":[{"@type":"WebPage","@id":"https:\/\/pes-alpesdehauteprovence.fr\/barcelonnette\/avada_faq\/a-quelles-reactions-puis-je-mattendre-apres-un-traitement-osteopathique\/","url":"https:\/\/pes-alpesdehauteprovence.fr\/barcelonnette\/avada_faq\/a-quelles-reactions-puis-je-mattendre-apres-un-traitement-osteopathique\/","name":"A quelles r\u00e9actions puis je m\u2019attendre apr\u00e8s un traitement Ost\u00e9opathique ? - P\u00f4le Equilibre&amp;Sant\u00e9 de Barcelonnette","isPartOf":{"@id":"https:\/\/pes-alpesdehauteprovence.fr\/barcelonnette\/#website"},"datePublished":"2017-01-21T17:21:26+00:00","dateModified":"2017-01-21T17:21:26+00:00","breadcrumb":{"@id":"https:\/\/pes-alpesdehauteprovence.fr\/barcelonnette\/avada_faq\/a-quelles-reactions-puis-je-mattendre-apres-un-traitement-osteopathique\/#breadcrumb"},"inLanguage":"fr-FR","potentialAction":[{"@type":"ReadAction","target":["https:\/\/pes-alpesdehauteprovence.fr\/barcelonnette\/avada_faq\/a-quelles-reactions-puis-je-mattendre-apres-un-traitement-osteopathique\/"]}]},{"@type":"BreadcrumbList","@id":"https:\/\/pes-alpesdehauteprovence.fr\/barcelonnette\/avada_faq\/a-quelles-reactions-puis-je-mattendre-apres-un-traitement-osteopathique\/#breadcrumb","itemListElement":[{"@type":"ListItem","position":1,"name":"Accueil","item":"https:\/\/pes-alpesdehauteprovence.fr\/barcelonnette\/"},{"@type":"ListItem","position":2,"name":"F.A.Q.","item":"https:\/\/pes-alpesdehauteprovence.fr\/barcelonnette\/avada_faq\/"},{"@type":"ListItem","position":3,"name":"A quelles r\u00e9actions puis je m\u2019attendre apr\u00e8s un traitement Ost\u00e9opathique ?"}]},{"@type":"WebSite","@id":"https:\/\/pes-alpesdehauteprovence.fr\/barcelonnette\/#website","url":"https:\/\/pes-alpesdehauteprovence.fr\/barcelonnette\/","name":"P\u00f4le Equilibre&amp;Sant\u00e9 de Barcelonnette","description":"","potentialAction":[{"@type":"SearchAction","target":{"@type":"EntryPoint","urlTemplate":"https:\/\/pes-alpesdehauteprovence.fr\/barcelonnette\/?s={search_term_string}"},"query-input":{"@type":"PropertyValueSpecification","valueRequired":true,"valueName":"search_term_string"}}],"inLanguage":"fr-FR"}]}},"_links":{"self":[{"href":"https:\/\/pes-alpesdehauteprovence.fr\/barcelonnette\/wp-json\/wp\/v2\/avada_faq\/1320"}],"collection":[{"href":"https:\/\/pes-alpesdehauteprovence.fr\/barcelonnette\/wp-json\/wp\/v2\/avada_faq"}],"about":[{"href":"https:\/\/pes-alpesdehauteprovence.fr\/barcelonnette\/wp-json\/wp\/v2\/types\/avada_faq"}],"author":[{"embeddable":true,"href":"https:\/\/pes-alpesdehauteprovence.fr\/barcelonnette\/wp-json\/wp\/v2\/users\/1"}],"replies":[{"embeddable":true,"href":"https:\/\/pes-alpesdehauteprovence.fr\/barcelonnette\/wp-json\/wp\/v2\/comments?post=1320"}],"version-history":[{"count":1,"href":"https:\/\/pes-alpesdehauteprovence.fr\/barcelonnette\/wp-json\/wp\/v2\/avada_faq\/1320\/revisions"}],"predecessor-version":[{"id":1321,"href":"https:\/\/pes-alpesdehauteprovence.fr\/barcelonnette\/wp-json\/wp\/v2\/avada_faq\/1320\/revisions\/1321"}],"wp:attachment":[{"href":"https:\/\/pes-alpesdehauteprovence.fr\/barcelonnette\/wp-json\/wp\/v2\/media?parent=1320"}],"wp:term":[{"taxonomy":"faq_category","embeddable":true,"href":"https:\/\/pes-alpesdehauteprovence.fr\/barcelonnette\/wp-json\/wp\/v2\/faq_category?post=1320"}],"curies":[{"name":"wp","href":"https:\/\/api.w.org\/{rel}","templated":true}]}}